{"id":11,"date":"2007-07-15T00:02:21","date_gmt":"2007-07-14T22:02:21","guid":{"rendered":"http:\/\/lghg.wordpress.com\/standpunkte\/"},"modified":"2007-07-15T00:02:21","modified_gmt":"2007-07-14T22:02:21","slug":"standpunkte","status":"publish","type":"page","link":"https:\/\/langenhagengegenrechts.de\/index.php\/standpunkte\/","title":{"rendered":"Standpunkte"},"content":{"rendered":"<h3>Positionspapier<\/h3>\n<p>Das Aktionsb\u00fcndnis \u201eLangenhagener gegen Rechte Gewalt\u201c hat sich nach dem entsetzlichen H\u00f6hepunkt rechter Gewalt zu Himmelfahrt 2001 gegr\u00fcndet. Mit Best\u00fcrzung und Erschrecken haben wir ansehen m\u00fcssen, wie Menschen durch politisch motivierte Straftaten von Rechts diskriminiert und verletzt wurden.<\/p>\n<p>Die Besetzung des \u00f6ffentlichen Raumes in Langenhagen und allt\u00e4gliche Bedrohung durch Neonazis sind f\u00fcr uns nicht l\u00e4nger hinnehmbar. Wir setzen uns daf\u00fcr ein, dies \u00f6ffentlich zu diskutieren und gemeinsam mit der Bev\u00f6lkerung zu handeln. Grundlage daf\u00fcr ist eine ehrliche politische Bewertung und Einsch\u00e4tzung der Situation. Stra\u00dfen und Pl\u00e4tze in Langenhagen geh\u00f6ren allen Menschen und der Demokratie: Wir holen uns den \u00f6ffentlichen Raum zur\u00fcck!<\/p>\n<p>Wir k\u00e4mpfen mit Kontinuit\u00e4t gegen faschistische Tendenzen. Dies beinhaltet f\u00fcr uns auch Information und Wissen \u00fcber Strukturen der Neonazis, die deutsche Vergangenheit und die Auseinandersetzung mit den Ursachen des Faschismus: Gegen das Vergessen!<\/p>\n<p>Das Aktionsb\u00fcndnis ist politisch unabh\u00e4ngig und arbeitet mit allen zusammen, die unsere Grunds\u00e4tze akzeptieren. Unser Handeln basiert auf demokratischen Grunds\u00e4tzen. Integraler Bestandteil ist dabei f\u00fcr uns die Solidarit\u00e4t mit den Opfern von Faschismus und mit allen anderen Kr\u00e4ften, die sich gegen Faschismus einsetzen. Dabei stehen Menschlichkeit und Toleranz f\u00fcr uns an erster Stelle &#8211; keine Toleranz f\u00fcr Menschenverachtung!<\/p>\n<p>Wir agieren gewaltfrei, wobei wir uns das Recht auf eine verh\u00e4ltnism\u00e4\u00dfige Selbstverteidigung vorbehalten. Wir f\u00f6rdern Zivilcourage.<\/p>\n<p>Wir k\u00e4mpfen gegen Faschismus und Rassismus: Gegen staatlichen und gesetzlichen Rassismus, der sich unter anderem in der Residenzpflicht und der Verweigerung des Wahlrechts f\u00fcr Migrantinnen und Migranten \u00e4u\u00dfert. Grunds\u00e4tzlich wenden wir uns gegen jegliche Form von Benachteiligung. In voller Anerkennung der Menschenrechte fordern wir gleiche Rechte f\u00fcr alle, die in Deutschland leben. Wir treten ein f\u00fcr V\u00f6lkerfreundschaft und \u2013verst\u00e4ndigung.<\/p>\n<p>Wir fordern ein Verbot aller faschistischen Parteien und Organisationen. Diese bilden auch eine Plattform f\u00fcr unorganisierte Rechtsextreme.<\/p>\n<p>Wir engagieren uns in Langenhagen und der Region Hannover. Eine Vernetzung mit gleichgesinnten Gruppierungen ist uns wichtig. Wir rufen alle auf, sich an den Aktivit\u00e4ten und Veranstaltungen des Aktionsb\u00fcndnisses \u201eLangenhagener gegen Rechte Gewalt!\u201c zu beteiligen.<\/p>\n<h3>Gr\u00fcndungsaufruf<\/h3>\n<p>In den letzten Wochen haben sich in Langenhagen furchtbare Szenen abgespielt. Mit Wut und Best\u00fcrzung haben wir mit ansehen m\u00fcssen, wie Menschen diskriminiert und verletzt wurden und politisch motivierte Straftaten von Rechts in Langenhagen zunehmen.<\/p>\n<p>Rechtsextremismus und rechte Gewalt sind menschenverachtend und kriminell. Faschismus ist keine Meinung, sondern ein Verbrechen. Der Staat ist in der Pflicht, hart gegen rechtsextreme Gruppierungen und Tendenzen durchzugreifen.<\/p>\n<p>Wir d\u00fcrfen und wollen dem rechtsradikalen Treiben nicht l\u00e4nger tatenlos und schweigend zusehen. Rechter Gewalt und rechten Gewaltt\u00e4tern muss gezeigt werden, dass sie auch in bezug auf die deutsche Geschichte nicht erw\u00fcnscht sind und sie nicht l\u00e4nger toleriert werden.<\/p>\n<p>Die Demokratie ist gefordert. Wir nehmen diese Herausforderung an und dokumentieren damit, dass wir Rechtsextremismus und Ausl\u00e4nderfeindlichkeit nicht dulden. Holen wir uns den \u00f6ffentlichen Raum zur\u00fcck!<\/p>\n<p>Langenhagener Vereine, Verb\u00e4nde und Initiativen haben das Aktionsb\u00fcndnis &#8222;Langenhagener gegen Rechte Gewalt!&#8220; gegr\u00fcndet. Gemeinsam werden wir gegen Rechtextremismus, Fremdenfeindlichkeit und Gewalt eintreten. Wir wollen und m\u00fcssen ein Zeichen setzen: Stra\u00dfen und Pl\u00e4tze in Langenhagen geh\u00f6ren den Menschen und der Demokratie \u2013 Neonazis und rechte Gewaltt\u00e4ter haben hier nichts zu suchen! Wir setzen uns ein f\u00fcr Demokratie, Menschlichkeit und Toleranz.<\/p>\n<p>Wir rufen alle auf, sich an den Aktivit\u00e4ten und Veranstaltungen des Aktionsb\u00fcndnisses &#8222;Langenhagener gegen Rechte Gewalt!&#8220; zu beteiligen.<\/p>\n<h3>Anerkennung<\/h3>\n<p><img decoding=\"async\" src=\"https:\/\/langenhagengegenrechts.de\/wp-content\/uploads\/2007\/08\/toleranzdiplom.jpg\" alt=\"toleranzdiplom.jpg\" \/><\/p>\n","protected":false},"excerpt":{"rendered":"<p>Positionspapier Das Aktionsb\u00fcndnis \u201eLangenhagener gegen Rechte Gewalt\u201c hat sich nach dem entsetzlichen H\u00f6hepunkt rechter Gewalt zu Himmelfahrt 2001 gegr\u00fcndet. Mit Best\u00fcrzung und Erschrecken haben wir ansehen m\u00fcssen, wie Menschen durch politisch motivierte Straftaten von Rechts diskriminiert und verletzt wurden. Die Besetzung des \u00f6ffentlichen Raumes in Langenhagen und allt\u00e4gliche Bedrohung durch Neonazis sind f\u00fcr uns nicht &hellip; <\/p>\n<p class=\"link-more\"><a href=\"https:\/\/langenhagengegenrechts.de\/index.php\/standpunkte\/\" class=\"more-link\"><span class=\"screen-reader-text\">\u201eStandpunkte\u201c <\/span>weiterlesen<\/a><\/p>\n","protected":false},"author":1,"featured_media":0,"parent":0,"menu_order":1,"comment_status":"closed","ping_status":"closed","template":"","meta":{"footnotes":""},"class_list":["post-11","page","type-page","status-publish","hentry"],"_links":{"self":[{"href":"https:\/\/langenhagengegenrechts.de\/index.php\/wp-json\/wp\/v2\/pages\/11","targetHints":{"allow":["GET"]}}],"collection":[{"href":"https:\/\/langenhagengegenrechts.de\/index.php\/wp-json\/wp\/v2\/pages"}],"about":[{"href":"https:\/\/langenhagengegenrechts.de\/index.php\/wp-json\/wp\/v2\/types\/page"}],"author":[{"embeddable":true,"href":"https:\/\/langenhagengegenrechts.de\/index.php\/wp-json\/wp\/v2\/users\/1"}],"replies":[{"embeddable":true,"href":"https:\/\/langenhagengegenrechts.de\/index.php\/wp-json\/wp\/v2\/comments?post=11"}],"version-history":[{"count":0,"href":"https:\/\/langenhagengegenrechts.de\/index.php\/wp-json\/wp\/v2\/pages\/11\/revisions"}],"wp:attachment":[{"href":"https:\/\/langenhagengegenrechts.de\/index.php\/wp-json\/wp\/v2\/media?parent=11"}],"curies":[{"name":"wp","href":"https:\/\/api.w.org\/{rel}","templated":true}]}}